{"id":6034,"date":"2026-01-23T11:07:13","date_gmt":"2026-01-23T11:07:13","guid":{"rendered":"https:\/\/funerariaferreira.pt\/wp-content\/uploads\/2026\/01\/memorial-v5.png"},"modified":"2026-01-23T11:21:34","modified_gmt":"2026-01-23T11:21:34","slug":"memorial-v5","status":"inherit","type":"attachment","link":"https:\/\/funerariaferreira.pt\/en\/memorial\/memorial-v5\/","title":{"rendered":"MEMORIAL Funer\u00e1ria Ferreira"},"author":1,"featured_media":0,"comment_status":"open","ping_status":"closed","template":"","meta":{"_acf_changed":false},"class_list":["post-6034","attachment","type-attachment","status-inherit","hentry"],"acf":[],"yoast_head":"<!-- This site is optimized with the Yoast SEO plugin v27.1.1 - https:\/\/yoast.com\/product\/yoast-seo-wordpress\/ -->\n<title>MEMORIAL Funer\u00e1ria Ferreira - Agencia Funer\u00e1ria Ferreira - Ponta Delgada - S\u00e3o Miguel - A\u00e7ores<\/title>\n<meta name=\"robots\" content=\"index, follow, max-snippet:-1, max-image-preview:large, max-video-preview:-1\" \/>\n<link rel=\"canonical\" href=\"https:\/\/funerariaferreira.pt\/wp-content\/uploads\/2026\/01\/memorial-v5.png\" \/>\n<meta property=\"og:locale\" content=\"en_US\" \/>\n<meta property=\"og:type\" content=\"article\" \/>\n<meta property=\"og:title\" content=\"MEMORIAL Funer\u00e1ria Ferreira - Agencia Funer\u00e1ria Ferreira - Ponta Delgada - S\u00e3o Miguel - A\u00e7ores\" \/>\n<meta property=\"og:description\" content=\"A tribute to the distinguished figures who shaped the history of the Azores. Explore Funer\u00e1ria Ferreira\u2019s memorial dedicated to the legacy of local personalities.\" \/>\n<meta property=\"og:url\" content=\"https:\/\/funerariaferreira.pt\/wp-content\/uploads\/2026\/01\/memorial-v5.png\" \/>\n<meta property=\"og:site_name\" content=\"Agencia Funer\u00e1ria Ferreira - Ponta Delgada - S\u00e3o Miguel - A\u00e7ores\" \/>\n<meta property=\"article:modified_time\" content=\"2026-01-23T11:21:34+00:00\" \/>\n<meta property=\"og:image\" content=\"https:\/\/funerariaferreira.pt\/wp-content\/uploads\/2026\/01\/memorial-v5.png\" \/>\n\t<meta property=\"og:image:width\" content=\"1080\" \/>\n\t<meta property=\"og:image:height\" content=\"1080\" \/>\n\t<meta property=\"og:image:type\" content=\"image\/png\" \/>\n<meta name=\"twitter:card\" content=\"summary_large_image\" \/>\n<script type=\"application\/ld+json\" class=\"yoast-schema-graph\">{\"@context\":\"https:\/\/schema.org\",\"@graph\":[{\"@type\":\"WebPage\",\"@id\":\"https:\/\/funerariaferreira.pt\/wp-content\/uploads\/2026\/01\/memorial-v5.png\",\"url\":\"https:\/\/funerariaferreira.pt\/wp-content\/uploads\/2026\/01\/memorial-v5.png\",\"name\":\"MEMORIAL Funer\u00e1ria Ferreira - Agencia Funer\u00e1ria Ferreira - Ponta Delgada - S\u00e3o Miguel - A\u00e7ores\",\"isPartOf\":{\"@id\":\"https:\/\/funerariaferreira.pt\/#website\"},\"datePublished\":\"2026-01-23T11:07:13+00:00\",\"dateModified\":\"2026-01-23T11:21:34+00:00\",\"breadcrumb\":{\"@id\":\"https:\/\/funerariaferreira.pt\/wp-content\/uploads\/2026\/01\/memorial-v5.png#breadcrumb\"},\"inLanguage\":\"en-US\",\"potentialAction\":[{\"@type\":\"ReadAction\",\"target\":[\"https:\/\/funerariaferreira.pt\/wp-content\/uploads\/2026\/01\/memorial-v5.png\"]}]},{\"@type\":\"BreadcrumbList\",\"@id\":\"https:\/\/funerariaferreira.pt\/wp-content\/uploads\/2026\/01\/memorial-v5.png#breadcrumb\",\"itemListElement\":[{\"@type\":\"ListItem\",\"position\":1,\"name\":\"Home\",\"item\":\"https:\/\/funerariaferreira.pt\/\"},{\"@type\":\"ListItem\",\"position\":2,\"name\":\"Memorial: Honouring the Legacy and History of the Azores\",\"item\":\"https:\/\/funerariaferreira.pt\/en\/memorial\/\"},{\"@type\":\"ListItem\",\"position\":3,\"name\":\"MEMORIAL Funer\u00e1ria Ferreira\"}]},{\"@type\":\"WebSite\",\"@id\":\"https:\/\/funerariaferreira.pt\/#website\",\"url\":\"https:\/\/funerariaferreira.pt\/\",\"name\":\"Agencia Funer\u00e1ria Ferreira - Ponta Delgada - S\u00e3o Miguel - A\u00e7ores\",\"description\":\"\",\"potentialAction\":[{\"@type\":\"SearchAction\",\"target\":{\"@type\":\"EntryPoint\",\"urlTemplate\":\"https:\/\/funerariaferreira.pt\/?s={search_term_string}\"},\"query-input\":{\"@type\":\"PropertyValueSpecification\",\"valueRequired\":true,\"valueName\":\"search_term_string\"}}],\"inLanguage\":\"en-US\"}]}<\/script>\n<!-- \/ Yoast SEO plugin. -->","yoast_head_json":{"title":"MEMORIAL Funer\u00e1ria Ferreira - Agencia Funer\u00e1ria Ferreira - Ponta Delgada - S\u00e3o Miguel - A\u00e7ores","robots":{"index":"index","follow":"follow","max-snippet":"max-snippet:-1","max-image-preview":"max-image-preview:large","max-video-preview":"max-video-preview:-1"},"canonical":"https:\/\/funerariaferreira.pt\/wp-content\/uploads\/2026\/01\/memorial-v5.png","og_locale":"en_US","og_type":"article","og_title":"MEMORIAL Funer\u00e1ria Ferreira - Agencia Funer\u00e1ria Ferreira - Ponta Delgada - S\u00e3o Miguel - A\u00e7ores","og_description":"A tribute to the distinguished figures who shaped the history of the Azores. Explore Funer\u00e1ria Ferreira\u2019s memorial dedicated to the legacy of local personalities.","og_url":"https:\/\/funerariaferreira.pt\/wp-content\/uploads\/2026\/01\/memorial-v5.png","og_site_name":"Agencia Funer\u00e1ria Ferreira - Ponta Delgada - S\u00e3o Miguel - A\u00e7ores","article_modified_time":"2026-01-23T11:21:34+00:00","og_image":[{"width":1080,"height":1080,"url":"https:\/\/funerariaferreira.pt\/wp-content\/uploads\/2026\/01\/memorial-v5.png","type":"image\/png"}],"twitter_card":"summary_large_image","schema":{"@context":"https:\/\/schema.org","@graph":[{"@type":"WebPage","@id":"https:\/\/funerariaferreira.pt\/wp-content\/uploads\/2026\/01\/memorial-v5.png","url":"https:\/\/funerariaferreira.pt\/wp-content\/uploads\/2026\/01\/memorial-v5.png","name":"MEMORIAL Funer\u00e1ria Ferreira - Agencia Funer\u00e1ria Ferreira - Ponta Delgada - S\u00e3o Miguel - A\u00e7ores","isPartOf":{"@id":"https:\/\/funerariaferreira.pt\/#website"},"datePublished":"2026-01-23T11:07:13+00:00","dateModified":"2026-01-23T11:21:34+00:00","breadcrumb":{"@id":"https:\/\/funerariaferreira.pt\/wp-content\/uploads\/2026\/01\/memorial-v5.png#breadcrumb"},"inLanguage":"en-US","potentialAction":[{"@type":"ReadAction","target":["https:\/\/funerariaferreira.pt\/wp-content\/uploads\/2026\/01\/memorial-v5.png"]}]},{"@type":"BreadcrumbList","@id":"https:\/\/funerariaferreira.pt\/wp-content\/uploads\/2026\/01\/memorial-v5.png#breadcrumb","itemListElement":[{"@type":"ListItem","position":1,"name":"Home","item":"https:\/\/funerariaferreira.pt\/"},{"@type":"ListItem","position":2,"name":"Memorial: Honouring the Legacy and History of the Azores","item":"https:\/\/funerariaferreira.pt\/en\/memorial\/"},{"@type":"ListItem","position":3,"name":"MEMORIAL Funer\u00e1ria Ferreira"}]},{"@type":"WebSite","@id":"https:\/\/funerariaferreira.pt\/#website","url":"https:\/\/funerariaferreira.pt\/","name":"Agencia Funer\u00e1ria Ferreira - Ponta Delgada - S\u00e3o Miguel - A\u00e7ores","description":"","potentialAction":[{"@type":"SearchAction","target":{"@type":"EntryPoint","urlTemplate":"https:\/\/funerariaferreira.pt\/?s={search_term_string}"},"query-input":{"@type":"PropertyValueSpecification","valueRequired":true,"valueName":"search_term_string"}}],"inLanguage":"en-US"}]}},"description":{"rendered":"<p class=\"attachment\"><a href='https:\/\/funerariaferreira.pt\/wp-content\/uploads\/2026\/01\/memorial-v5.png' rel=\"lightbox[6034]\"><img loading=\"lazy\" decoding=\"async\" width=\"300\" height=\"300\" src=\"https:\/\/funerariaferreira.pt\/wp-content\/uploads\/2026\/01\/memorial-v5-300x300.png\" class=\"attachment-medium size-medium\" alt=\"Azorean Personalities Memorial | Funer\u00e1ria Ferreira\" srcset=\"https:\/\/funerariaferreira.pt\/wp-content\/uploads\/2026\/01\/memorial-v5-300x300.png 300w, https:\/\/funerariaferreira.pt\/wp-content\/uploads\/2026\/01\/memorial-v5-1024x1024.png 1024w, https:\/\/funerariaferreira.pt\/wp-content\/uploads\/2026\/01\/memorial-v5-150x150.png 150w, https:\/\/funerariaferreira.pt\/wp-content\/uploads\/2026\/01\/memorial-v5-768x768.png 768w, https:\/\/funerariaferreira.pt\/wp-content\/uploads\/2026\/01\/memorial-v5-200x200.png 200w, https:\/\/funerariaferreira.pt\/wp-content\/uploads\/2026\/01\/memorial-v5.png 1080w\" sizes=\"auto, (max-width: 300px) 100vw, 300px\" \/><\/a><\/p>\n<p>A tribute to the distinguished figures who shaped the history of the Azores. Explore Funer\u00e1ria Ferreira\u2019s memorial dedicated to the legacy of local personalities.<\/p>\n"},"caption":{"rendered":"<p>A tribute to the distinguished figures who shaped the history of the Azores. Explore Funer\u00e1ria Ferreira\u2019s memorial dedicated to the legacy of local personalities.<\/p>\n"},"alt_text":"Azorean Personalities Memorial | Funer\u00e1ria Ferreira","media_type":"image","mime_type":"image\/png","media_details":{"width":1080,"height":1080,"file":"2026\/01\/memorial-v5.png","filesize":1619798,"sizes":{"medium":{"file":"memorial-v5-300x300.png","width":300,"height":300,"filesize":140092,"mime_type":"image\/png","source_url":"https:\/\/funerariaferreira.pt\/wp-content\/uploads\/2026\/01\/memorial-v5-300x300.png"},"large":{"file":"memorial-v5-1024x1024.png","width":1024,"height":1024,"filesize":1233299,"mime_type":"image\/png","source_url":"https:\/\/funerariaferreira.pt\/wp-content\/uploads\/2026\/01\/memorial-v5-1024x1024.png"},"thumbnail":{"file":"memorial-v5-150x150.png","width":150,"height":150,"filesize":38725,"mime_type":"image\/png","source_url":"https:\/\/funerariaferreira.pt\/wp-content\/uploads\/2026\/01\/memorial-v5-150x150.png"},"medium_large":{"file":"memorial-v5-768x768.png","width":768,"height":768,"filesize":748293,"mime_type":"image\/png","source_url":"https:\/\/funerariaferreira.pt\/wp-content\/uploads\/2026\/01\/memorial-v5-768x768.png"},"quadradoimg":{"file":"memorial-v5-290x165.png","width":290,"height":165,"filesize":73995,"mime_type":"image\/png","source_url":"https:\/\/funerariaferreira.pt\/wp-content\/uploads\/2026\/01\/memorial-v5-290x165.png"},"quadradoimgservicos":{"file":"memorial-v5-200x200.png","width":200,"height":200,"filesize":66262,"mime_type":"image\/png","source_url":"https:\/\/funerariaferreira.pt\/wp-content\/uploads\/2026\/01\/memorial-v5-200x200.png"},"post-thumbnail":{"file":"memorial-v5-940x198.png","width":940,"height":198,"filesize":232450,"mime_type":"image\/png","source_url":"https:\/\/funerariaferreira.pt\/wp-content\/uploads\/2026\/01\/memorial-v5-940x198.png"},"full":{"file":"memorial-v5.png","width":1080,"height":1080,"mime_type":"image\/png","source_url":"https:\/\/funerariaferreira.pt\/wp-content\/uploads\/2026\/01\/memorial-v5.png"}},"image_meta":{"aperture":"0","credit":"","camera":"","caption":"","created_timestamp":"0","copyright":"","focal_length":"0","iso":"0","shutter_speed":"0","title":"","orientation":"0","keywords":[]}},"post":1653,"source_url":"https:\/\/funerariaferreira.pt\/wp-content\/uploads\/2026\/01\/memorial-v5.png","_links":{"self":[{"href":"https:\/\/funerariaferreira.pt\/en\/wp-json\/wp\/v2\/media\/6034","targetHints":{"allow":["GET"]}}],"collection":[{"href":"https:\/\/funerariaferreira.pt\/en\/wp-json\/wp\/v2\/media"}],"about":[{"href":"https:\/\/funerariaferreira.pt\/en\/wp-json\/wp\/v2\/types\/attachment"}],"author":[{"embeddable":true,"href":"https:\/\/funerariaferreira.pt\/en\/wp-json\/wp\/v2\/users\/1"}],"replies":[{"embeddable":true,"href":"https:\/\/funerariaferreira.pt\/en\/wp-json\/wp\/v2\/comments?post=6034"}],"wp:attached-to":[{"embeddable":true,"post_type":"page","id":1653,"href":"https:\/\/funerariaferreira.pt\/en\/wp-json\/wp\/v2\/pages\/1653"}],"curies":[{"name":"wp","href":"https:\/\/api.w.org\/{rel}","templated":true}]}}