{"id":1655,"date":"2014-12-07T05:31:08","date_gmt":"2014-12-07T05:31:08","guid":{"rendered":"http:\/\/www.funerariaferreira.pt\/en\/cicero-de-medeiros\/"},"modified":"2026-01-23T16:00:22","modified_gmt":"2026-01-23T16:00:22","slug":"cicero-de-medeiros","status":"publish","type":"page","link":"https:\/\/funerariaferreira.pt\/en\/cicero-de-medeiros\/","title":{"rendered":"C\u00edcero de Medeiros"},"content":{"rendered":"<p style=\"text-align: justify;\"><img loading=\"lazy\" decoding=\"async\" class=\"alignleft size-medium wp-image-5957\" src=\"https:\/\/funerariaferreira.pt\/wp-content\/uploads\/2026\/01\/cicero-de-medeiros-v2-1536-x-2048-1-225x300.png\" alt=\"C\u00edcero de Medeiros\" width=\"225\" height=\"300\" srcset=\"https:\/\/funerariaferreira.pt\/wp-content\/uploads\/2026\/01\/cicero-de-medeiros-v2-1536-x-2048-1-225x300.png 225w, https:\/\/funerariaferreira.pt\/wp-content\/uploads\/2026\/01\/cicero-de-medeiros-v2-1536-x-2048-1-768x1024.png 768w, https:\/\/funerariaferreira.pt\/wp-content\/uploads\/2026\/01\/cicero-de-medeiros-v2-1536-x-2048-1-1152x1536.png 1152w, https:\/\/funerariaferreira.pt\/wp-content\/uploads\/2026\/01\/cicero-de-medeiros-v2-1536-x-2048-1.png 1536w\" sizes=\"auto, (max-width: 225px) 100vw, 225px\" \/><\/p>\n<p data-path-to-node=\"3\">C\u00edcero de Medeiros, an illustrious Azorean journalist, passed away on 18 July 1967 at the S\u00e3o Jos\u00e9 Hospital in Ponta Delgada, at the age of 61. He was born on 21 December 1905 in Fenais da Ajuda, in the municipality of Ribeira Grande, and spent a large part of his youth as an emigrant in Brazil. Returning to the Azores in 1920, he enrolled at the Liceu de Ponta Delgada and, while still a student, feeling a passion for journalism, he began writing for the \u201c<span style=\"color: #0000ff;\"><a style=\"color: #0000ff;\" href=\"https:\/\/pt.wikipedia.org\/wiki\/Correio_dos_A%C3%A7ores\">Correio dos A\u00e7ores<\/a><\/span>\u201d. His enthusiasm for journalism continued, leading him to serve as the director of the newspaper \u201cMocidade Acad\u00e9mica\u201d from 1926 to 1927, a contributor to the newspaper \u201cAlma Nova\u201d in 1928, and director of the magazine <i data-path-to-node=\"3\" data-index-in-node=\"697\">\u00cdnsula<\/i> in 1933. In 1937, he became the editor-in-chief of the newspaper \u201c<strong>Correio dos A\u00e7ores<\/strong>\u201d, of which he later became the owner and director following the voluntary departure of its former leader,<span style=\"color: #0000ff;\"><a style=\"color: #0000ff;\" href=\"https:\/\/pt.wikipedia.org\/wiki\/Jos%C3%A9_Bruno_Tavares_Carreiro\"> Dr Jos\u00e9 Bruno Carreiro<\/a><\/span>; at the newspaper, he dedicated himself to promoting campaigns and initiatives that marked his unusual dynamism. In 1941, he transferred the directorship of \u201c<strong>Correio dos A\u00e7ores<\/strong>\u201d and, in 1944, founded the newspaper \u201cA\u00e7ores\u201d, of which he was the director for 22 consecutive years until he was forced to relinquish his duties for health reasons. This newspaper became the property of the company Impra\u00e7or and, in December 1993, was converted into a magazine due to the company editing another daily newspaper, the \u201c<strong>A\u00e7oriano Oriental<\/strong>\u201d. He was also the founder of Gr\u00e1fica Regional, Tipografia Moderna, and Insular. He was a selfless defender of regional autonomy, having published the article \u201cEchoes of the meeting at Cine-Jade of the democrats of Ponta Delgada\u201d on 23 October 1945, regarding the activities of the district MUD, which included a petition addressed to the Civil Governor, <span style=\"color: #0000ff;\"><a style=\"color: #0000ff;\" href=\"https:\/\/pt.wikipedia.org\/wiki\/Aniceto_dos_Santos\">Dr Aniceto dos Santos<\/a><\/span>. In his memory, the municipality of Ponta Delgada named a street after him in the parish of S\u00e3o Sebasti\u00e3o.<\/p>\n<h2><b>The funeral<\/b><\/h2>\n<p data-path-to-node=\"4\"><img loading=\"lazy\" decoding=\"async\" class=\"alignleft size-medium wp-image-5992\" src=\"https:\/\/funerariaferreira.pt\/wp-content\/uploads\/2026\/01\/cicero-de-medeiros-cropped-support-image-300x169.png\" alt=\"Funeral de C\u00edcero de Medeiros\" width=\"300\" height=\"169\" srcset=\"https:\/\/funerariaferreira.pt\/wp-content\/uploads\/2026\/01\/cicero-de-medeiros-cropped-support-image-300x169.png 300w, https:\/\/funerariaferreira.pt\/wp-content\/uploads\/2026\/01\/cicero-de-medeiros-cropped-support-image-1024x576.png 1024w, https:\/\/funerariaferreira.pt\/wp-content\/uploads\/2026\/01\/cicero-de-medeiros-cropped-support-image-768x432.png 768w, https:\/\/funerariaferreira.pt\/wp-content\/uploads\/2026\/01\/cicero-de-medeiros-cropped-support-image.png 1280w\" sizes=\"auto, (max-width: 300px) 100vw, 300px\" \/>The funeral took place at 5:30 pm on 19 July, following a Requiem Mass at the Sant\u2019Ana Chapel, from where it proceeded to the family vault at the S\u00e3o Joaquim Cemetery. The mourning was led by the District Chief, Eng. Vasconcelos Raposo, with the following shifts organised for the pallbearing:<\/p>\n<p data-path-to-node=\"4\">1st \u2013 Manuel Lopes de Sousa, Jo\u00e3o Estrela Tavares, M\u00e1rio Machado, and Manuel Marcos, his former employees.<\/p>\n<p data-path-to-node=\"4\">2nd \u2013 <span style=\"color: #0000ff;\"><a style=\"color: #0000ff;\" href=\"https:\/\/funerariaferreira.pt\/en\/manuel-ferreira\/\">Manuel Ferreira<\/a><\/span>, Fraga Brum, Victor Silva Pedroso, and Dr Silva Fraga.<\/p>\n<p data-path-to-node=\"4\">3rd \u2013 <span style=\"color: #0000ff;\"><a style=\"color: #0000ff;\" href=\"https:\/\/funerariaferreira.pt\/en\/francisco-carreiro-da-costa\/\">Dr Carreiro da Costa<\/a><\/span>,<span style=\"color: #0000ff;\"><a style=\"color: #0000ff;\" href=\"https:\/\/funerariaferreira.pt\/en\/manuel-da-silva-carreiro\/\"> Dr Manuel da Silva Carreiro<\/a><\/span>, Commissioner Ant\u00f3nio Joaquim de Bairros, and Professor Jo\u00e3o M. Quental.<\/p>\n<p data-path-to-node=\"4\">4th \u2013 Visconde do Botelho, Francisco Tavares Sousa Teves, Nuno Botelho da C\u00e2mara, and Jos\u00e9 Joaquim de Azevedo Oliveira Rodrigues.<\/p>\n<p data-path-to-node=\"4\">5th \u2013 Dinis Jos\u00e9 da Silva, Manuel In\u00e1cio de Melo, Jo\u00e3o Jos\u00e9 de Medeiros, and<span style=\"color: #0000ff;\"><a style=\"color: #0000ff;\" href=\"https:\/\/pt.wikipedia.org\/wiki\/Manuel_Jacinto_de_Andrade\"> Prof. Manuel Jacinto de Andrade<\/a><\/span>, his son, his son-in-law, the director, and the editor-in-chief of the newspaper \u201cA\u00e7ores\u201d, respectively.<\/p>\n<p data-path-to-node=\"4\">The key to the casket was carried by Dr Ant\u00f3nio Read Henriques, the director of the newspaper \u201c<strong>Correio dos A\u00e7ores<\/strong>\u201d.<\/p>\n","protected":false},"excerpt":{"rendered":"<p>C\u00edcero de Medeiros, an illustrious Azorean journalist, passed away on 18 July 1967 at the S\u00e3o Jos\u00e9 Hospital in Ponta Delgada, at the age of 61. He was born on 21 December 1905 in Fenais da Ajuda, in the municipality of Ribeira Grande, and spent a large part of his youth as an emigrant in [&hellip;]<\/p>\n","protected":false},"author":2,"featured_media":0,"parent":0,"menu_order":0,"comment_status":"open","ping_status":"open","template":"","meta":{"_acf_changed":false,"footnotes":""},"class_list":["post-1655","page","type-page","status-publish","hentry"],"acf":[],"yoast_head":"<!-- This site is optimized with the Yoast SEO plugin v27.1.1 - https:\/\/yoast.com\/product\/yoast-seo-wordpress\/ -->\n<title>C\u00edcero de Medeiros - Agencia Funer\u00e1ria Ferreira - Ponta Delgada - S\u00e3o Miguel - A\u00e7ores<\/title>\n<meta name=\"description\" content=\"Honouring C\u00edcero de Medeiros, the renowned Azorean journalist and founder of the newspaper &quot;A\u00e7ores.&quot; Explore his legacy and final farewell in Ponta Delgada.\" \/>\n<meta name=\"robots\" content=\"index, follow, max-snippet:-1, max-image-preview:large, max-video-preview:-1\" \/>\n<link rel=\"canonical\" href=\"https:\/\/funerariaferreira.pt\/en\/cicero-de-medeiros\/\" \/>\n<meta property=\"og:locale\" content=\"en_US\" \/>\n<meta property=\"og:type\" content=\"article\" \/>\n<meta property=\"og:title\" content=\"C\u00edcero de Medeiros - Agencia Funer\u00e1ria Ferreira - Ponta Delgada - S\u00e3o Miguel - A\u00e7ores\" \/>\n<meta property=\"og:description\" content=\"Honouring C\u00edcero de Medeiros, the renowned Azorean journalist and founder of the newspaper &quot;A\u00e7ores.&quot; Explore his legacy and final farewell in Ponta Delgada.\" \/>\n<meta property=\"og:url\" content=\"https:\/\/funerariaferreira.pt\/en\/cicero-de-medeiros\/\" \/>\n<meta property=\"og:site_name\" content=\"Agencia Funer\u00e1ria Ferreira - Ponta Delgada - S\u00e3o Miguel - A\u00e7ores\" \/>\n<meta property=\"article:modified_time\" content=\"2026-01-23T16:00:22+00:00\" \/>\n<meta property=\"og:image\" content=\"https:\/\/funerariaferreira.pt\/wp-content\/uploads\/2026\/01\/cicero-de-medeiros-v2-1536-x-2048-1-225x300.png\" \/>\n<meta name=\"twitter:card\" content=\"summary_large_image\" \/>\n<meta name=\"twitter:label1\" content=\"Est. reading time\" \/>\n\t<meta name=\"twitter:data1\" content=\"4 minutes\" \/>\n<script type=\"application\/ld+json\" class=\"yoast-schema-graph\">{\"@context\":\"https:\/\/schema.org\",\"@graph\":[{\"@type\":\"WebPage\",\"@id\":\"https:\/\/funerariaferreira.pt\/en\/cicero-de-medeiros\/\",\"url\":\"https:\/\/funerariaferreira.pt\/en\/cicero-de-medeiros\/\",\"name\":\"C\u00edcero de Medeiros - Agencia Funer\u00e1ria Ferreira - Ponta Delgada - S\u00e3o Miguel - A\u00e7ores\",\"isPartOf\":{\"@id\":\"https:\/\/funerariaferreira.pt\/#website\"},\"primaryImageOfPage\":{\"@id\":\"https:\/\/funerariaferreira.pt\/en\/cicero-de-medeiros\/#primaryimage\"},\"image\":{\"@id\":\"https:\/\/funerariaferreira.pt\/en\/cicero-de-medeiros\/#primaryimage\"},\"thumbnailUrl\":\"https:\/\/funerariaferreira.pt\/wp-content\/uploads\/2026\/01\/cicero-de-medeiros-v2-1536-x-2048-1-225x300.png\",\"datePublished\":\"2014-12-07T05:31:08+00:00\",\"dateModified\":\"2026-01-23T16:00:22+00:00\",\"description\":\"Honouring C\u00edcero de Medeiros, the renowned Azorean journalist and founder of the newspaper \\\"A\u00e7ores.\\\" Explore his legacy and final farewell in Ponta Delgada.\",\"breadcrumb\":{\"@id\":\"https:\/\/funerariaferreira.pt\/en\/cicero-de-medeiros\/#breadcrumb\"},\"inLanguage\":\"en-US\",\"potentialAction\":[{\"@type\":\"ReadAction\",\"target\":[\"https:\/\/funerariaferreira.pt\/en\/cicero-de-medeiros\/\"]}]},{\"@type\":\"ImageObject\",\"inLanguage\":\"en-US\",\"@id\":\"https:\/\/funerariaferreira.pt\/en\/cicero-de-medeiros\/#primaryimage\",\"url\":\"https:\/\/funerariaferreira.pt\/wp-content\/uploads\/2026\/01\/cicero-de-medeiros-v2-1536-x-2048-1-225x300.png\",\"contentUrl\":\"https:\/\/funerariaferreira.pt\/wp-content\/uploads\/2026\/01\/cicero-de-medeiros-v2-1536-x-2048-1-225x300.png\"},{\"@type\":\"BreadcrumbList\",\"@id\":\"https:\/\/funerariaferreira.pt\/en\/cicero-de-medeiros\/#breadcrumb\",\"itemListElement\":[{\"@type\":\"ListItem\",\"position\":1,\"name\":\"Home\",\"item\":\"https:\/\/funerariaferreira.pt\/\"},{\"@type\":\"ListItem\",\"position\":2,\"name\":\"C\u00edcero de Medeiros\"}]},{\"@type\":\"WebSite\",\"@id\":\"https:\/\/funerariaferreira.pt\/#website\",\"url\":\"https:\/\/funerariaferreira.pt\/\",\"name\":\"Agencia Funer\u00e1ria Ferreira - Ponta Delgada - S\u00e3o Miguel - A\u00e7ores\",\"description\":\"\",\"potentialAction\":[{\"@type\":\"SearchAction\",\"target\":{\"@type\":\"EntryPoint\",\"urlTemplate\":\"https:\/\/funerariaferreira.pt\/?s={search_term_string}\"},\"query-input\":{\"@type\":\"PropertyValueSpecification\",\"valueRequired\":true,\"valueName\":\"search_term_string\"}}],\"inLanguage\":\"en-US\"}]}<\/script>\n<!-- \/ Yoast SEO plugin. -->","yoast_head_json":{"title":"C\u00edcero de Medeiros - Agencia Funer\u00e1ria Ferreira - Ponta Delgada - S\u00e3o Miguel - A\u00e7ores","description":"Honouring C\u00edcero de Medeiros, the renowned Azorean journalist and founder of the newspaper \"A\u00e7ores.\" Explore his legacy and final farewell in Ponta Delgada.","robots":{"index":"index","follow":"follow","max-snippet":"max-snippet:-1","max-image-preview":"max-image-preview:large","max-video-preview":"max-video-preview:-1"},"canonical":"https:\/\/funerariaferreira.pt\/en\/cicero-de-medeiros\/","og_locale":"en_US","og_type":"article","og_title":"C\u00edcero de Medeiros - Agencia Funer\u00e1ria Ferreira - Ponta Delgada - S\u00e3o Miguel - A\u00e7ores","og_description":"Honouring C\u00edcero de Medeiros, the renowned Azorean journalist and founder of the newspaper \"A\u00e7ores.\" Explore his legacy and final farewell in Ponta Delgada.","og_url":"https:\/\/funerariaferreira.pt\/en\/cicero-de-medeiros\/","og_site_name":"Agencia Funer\u00e1ria Ferreira - Ponta Delgada - S\u00e3o Miguel - A\u00e7ores","article_modified_time":"2026-01-23T16:00:22+00:00","og_image":[{"url":"https:\/\/funerariaferreira.pt\/wp-content\/uploads\/2026\/01\/cicero-de-medeiros-v2-1536-x-2048-1-225x300.png","type":"","width":"","height":""}],"twitter_card":"summary_large_image","twitter_misc":{"Est. reading time":"4 minutes"},"schema":{"@context":"https:\/\/schema.org","@graph":[{"@type":"WebPage","@id":"https:\/\/funerariaferreira.pt\/en\/cicero-de-medeiros\/","url":"https:\/\/funerariaferreira.pt\/en\/cicero-de-medeiros\/","name":"C\u00edcero de Medeiros - Agencia Funer\u00e1ria Ferreira - Ponta Delgada - S\u00e3o Miguel - A\u00e7ores","isPartOf":{"@id":"https:\/\/funerariaferreira.pt\/#website"},"primaryImageOfPage":{"@id":"https:\/\/funerariaferreira.pt\/en\/cicero-de-medeiros\/#primaryimage"},"image":{"@id":"https:\/\/funerariaferreira.pt\/en\/cicero-de-medeiros\/#primaryimage"},"thumbnailUrl":"https:\/\/funerariaferreira.pt\/wp-content\/uploads\/2026\/01\/cicero-de-medeiros-v2-1536-x-2048-1-225x300.png","datePublished":"2014-12-07T05:31:08+00:00","dateModified":"2026-01-23T16:00:22+00:00","description":"Honouring C\u00edcero de Medeiros, the renowned Azorean journalist and founder of the newspaper \"A\u00e7ores.\" Explore his legacy and final farewell in Ponta Delgada.","breadcrumb":{"@id":"https:\/\/funerariaferreira.pt\/en\/cicero-de-medeiros\/#breadcrumb"},"inLanguage":"en-US","potentialAction":[{"@type":"ReadAction","target":["https:\/\/funerariaferreira.pt\/en\/cicero-de-medeiros\/"]}]},{"@type":"ImageObject","inLanguage":"en-US","@id":"https:\/\/funerariaferreira.pt\/en\/cicero-de-medeiros\/#primaryimage","url":"https:\/\/funerariaferreira.pt\/wp-content\/uploads\/2026\/01\/cicero-de-medeiros-v2-1536-x-2048-1-225x300.png","contentUrl":"https:\/\/funerariaferreira.pt\/wp-content\/uploads\/2026\/01\/cicero-de-medeiros-v2-1536-x-2048-1-225x300.png"},{"@type":"BreadcrumbList","@id":"https:\/\/funerariaferreira.pt\/en\/cicero-de-medeiros\/#breadcrumb","itemListElement":[{"@type":"ListItem","position":1,"name":"Home","item":"https:\/\/funerariaferreira.pt\/"},{"@type":"ListItem","position":2,"name":"C\u00edcero de Medeiros"}]},{"@type":"WebSite","@id":"https:\/\/funerariaferreira.pt\/#website","url":"https:\/\/funerariaferreira.pt\/","name":"Agencia Funer\u00e1ria Ferreira - Ponta Delgada - S\u00e3o Miguel - A\u00e7ores","description":"","potentialAction":[{"@type":"SearchAction","target":{"@type":"EntryPoint","urlTemplate":"https:\/\/funerariaferreira.pt\/?s={search_term_string}"},"query-input":{"@type":"PropertyValueSpecification","valueRequired":true,"valueName":"search_term_string"}}],"inLanguage":"en-US"}]}},"_links":{"self":[{"href":"https:\/\/funerariaferreira.pt\/en\/wp-json\/wp\/v2\/pages\/1655","targetHints":{"allow":["GET"]}}],"collection":[{"href":"https:\/\/funerariaferreira.pt\/en\/wp-json\/wp\/v2\/pages"}],"about":[{"href":"https:\/\/funerariaferreira.pt\/en\/wp-json\/wp\/v2\/types\/page"}],"author":[{"embeddable":true,"href":"https:\/\/funerariaferreira.pt\/en\/wp-json\/wp\/v2\/users\/2"}],"replies":[{"embeddable":true,"href":"https:\/\/funerariaferreira.pt\/en\/wp-json\/wp\/v2\/comments?post=1655"}],"version-history":[{"count":9,"href":"https:\/\/funerariaferreira.pt\/en\/wp-json\/wp\/v2\/pages\/1655\/revisions"}],"predecessor-version":[{"id":6096,"href":"https:\/\/funerariaferreira.pt\/en\/wp-json\/wp\/v2\/pages\/1655\/revisions\/6096"}],"wp:attachment":[{"href":"https:\/\/funerariaferreira.pt\/en\/wp-json\/wp\/v2\/media?parent=1655"}],"curies":[{"name":"wp","href":"https:\/\/api.w.org\/{rel}","templated":true}]}}