{"id":1730,"date":"2014-09-08T15:47:03","date_gmt":"2014-09-08T15:47:03","guid":{"rendered":"http:\/\/www.funerariaferreira.pt\/en\/manuel-da-silva-carreiro\/"},"modified":"2026-03-14T15:03:07","modified_gmt":"2026-03-14T15:03:07","slug":"manuel-da-silva-carreiro","status":"publish","type":"page","link":"https:\/\/funerariaferreira.pt\/en\/manuel-da-silva-carreiro\/","title":{"rendered":"Manuel da Silva Carreiro"},"content":{"rendered":"<p data-path-to-node=\"3\"><img loading=\"lazy\" decoding=\"async\" class=\"alignleft size-medium wp-image-6649\" src=\"https:\/\/funerariaferreira.pt\/wp-content\/uploads\/2026\/03\/funeraria-ferreira-manuel-da-silva-carreiro-1536-x-2048-225x300.png\" alt=\"Manuel da Silva Carreiro\" width=\"225\" height=\"300\" srcset=\"https:\/\/funerariaferreira.pt\/wp-content\/uploads\/2026\/03\/funeraria-ferreira-manuel-da-silva-carreiro-1536-x-2048-225x300.png 225w, https:\/\/funerariaferreira.pt\/wp-content\/uploads\/2026\/03\/funeraria-ferreira-manuel-da-silva-carreiro-1536-x-2048-768x1024.png 768w, https:\/\/funerariaferreira.pt\/wp-content\/uploads\/2026\/03\/funeraria-ferreira-manuel-da-silva-carreiro-1536-x-2048-1152x1536.png 1152w, https:\/\/funerariaferreira.pt\/wp-content\/uploads\/2026\/03\/funeraria-ferreira-manuel-da-silva-carreiro-1536-x-2048.png 1536w\" sizes=\"auto, (max-width: 225px) 100vw, 225px\" \/>The journalist and writer <b data-path-to-node=\"3\" data-index-in-node=\"26\">Manuel da Silva Carreiro<\/b> passed away on 8 September 1974 at his residence on Avenida Gaspar Frutuoso in Ponta Delgada.<\/p>\n<p data-path-to-node=\"4\">Born on 24 August 1905 in the parish of <b data-path-to-node=\"4\" data-index-in-node=\"40\">Ribeira Seca<\/b>, in the municipality of Ribeira Grande, he was the son of Manuel Resende Carreiro, the director and successor of the newspaper <b data-path-to-node=\"4\" data-index-in-node=\"180\"><i data-path-to-node=\"4\" data-index-in-node=\"180\">Di\u00e1rio dos A\u00e7ores<\/i><\/b>. Growing up immersed in the world of journalism, his vocation was shaped from an early age. Although he graduated in Law from the University of Lisbon in 1928, he dedicated his entire career to the newspaper, rising to the position of co-director alongside his brother, Carlos Carreiro.<\/p>\n<h3 data-path-to-node=\"5\">Literary Career<\/h3>\n<p data-path-to-node=\"6\">His literary contributions were equally remarkable, with several published works including:<\/p>\n<ul data-path-to-node=\"7\">\n<li>\n<p data-path-to-node=\"7,0,0\"><i data-path-to-node=\"7,0,0\" data-index-in-node=\"0\">Meio-Dia<\/i> (1927)<\/p>\n<\/li>\n<li>\n<p data-path-to-node=\"7,1,0\"><i data-path-to-node=\"7,1,0\" data-index-in-node=\"0\">Norte da Europa<\/i> (1953)<\/p>\n<\/li>\n<li>\n<p data-path-to-node=\"7,2,0\"><i data-path-to-node=\"7,2,0\" data-index-in-node=\"0\">Hispano-Luso-American-Philippine Congress of Municipalities<\/i> (1959)<\/p>\n<\/li>\n<li>\n<p data-path-to-node=\"7,3,0\"><i data-path-to-node=\"7,3,0\" data-index-in-node=\"0\">Camilo and Sena Freitas<\/i> (Lecture, 1966)<\/p>\n<\/li>\n<li>\n<p data-path-to-node=\"7,4,0\"><i data-path-to-node=\"7,4,0\" data-index-in-node=\"0\">Primavera em Espanha<\/i> (Travel chronicles, 1966)<\/p>\n<\/li>\n<li>\n<p data-path-to-node=\"7,5,0\"><i data-path-to-node=\"7,5,0\" data-index-in-node=\"0\">Raul Brand\u00e3o e os A\u00e7ores<\/i> (1967)<\/p>\n<\/li>\n<li>\n<p data-path-to-node=\"7,6,0\"><i data-path-to-node=\"7,6,0\" data-index-in-node=\"0\">Oito Dias nos Estados Unidos<\/i> (Travel impressions, 1968)<\/p>\n<\/li>\n<\/ul>\n<h3 data-path-to-node=\"8\">Public Administration and Service<\/h3>\n<p data-path-to-node=\"9\">A devoted lover of his homeland, Manuel Carreiro held several high-ranking public offices:<\/p>\n<ul data-path-to-node=\"10\">\n<li>\n<p data-path-to-node=\"10,0,0\"><b data-path-to-node=\"10,0,0\" data-index-in-node=\"0\">Mayor (President) of Ponta Delgada<\/b> (1943\u20131944; 1955\u20131962): During his tenure, he acquired the City Park, now known as the <b data-path-to-node=\"10,0,0\" data-index-in-node=\"122\">Ant\u00f3nio Borges Garden<\/b>.<\/p>\n<\/li>\n<li>\n<p data-path-to-node=\"10,1,0\">Representative of Azorean municipalities to the <b data-path-to-node=\"10,1,0\" data-index-in-node=\"48\">Corporate Chamber<\/b>.<\/p>\n<\/li>\n<li>\n<p data-path-to-node=\"10,2,0\">Member of the General Board of the Autonomous District of Ponta Delgada.<\/p>\n<\/li>\n<li>\n<p data-path-to-node=\"10,3,0\">Vice-president of the Autonomous Port Authority of the District of Ponta Delgada.<\/p>\n<\/li>\n<li>\n<p data-path-to-node=\"10,4,0\">President of the Hunting Commission (<i data-path-to-node=\"10,4,0\" data-index-in-node=\"37\">Comiss\u00e3o Venat\u00f3ria<\/i>) of Ponta Delgada.<\/p>\n<\/li>\n<li>\n<p data-path-to-node=\"10,5,0\">Board Member of the <b data-path-to-node=\"10,5,0\" data-index-in-node=\"20\">Carregadores A\u00e7orianos<\/b> Shipping Company.<\/p>\n<\/li>\n<li>\n<p data-path-to-node=\"10,6,0\">Board Member of <b data-path-to-node=\"10,6,0\" data-index-in-node=\"16\">Banco Micaelense<\/b>.<\/p>\n<\/li>\n<li>\n<p data-path-to-node=\"10,7,0\">Member of the Cultural Institute of Ponta Delgada.<\/p>\n<\/li>\n<\/ul>\n<p data-path-to-node=\"11\">On 23 January 1974, in recognition of his extensive journalistic and public service, he was awarded the title of <b data-path-to-node=\"11\" data-index-in-node=\"113\">Commander of the Order of Prince Henry<\/b> (<i data-path-to-node=\"11\" data-index-in-node=\"153\">Comendador da Ordem do Infante D. Henrique<\/i>).<\/p>\n<h3 data-path-to-node=\"12\">Leadership at <i data-path-to-node=\"12\" data-index-in-node=\"14\">Di\u00e1rio dos A\u00e7ores<\/i><\/h3>\n<p data-path-to-node=\"13\">During his leadership, Manuel da Silva Carreiro was decisive in modernising <b data-path-to-node=\"13\" data-index-in-node=\"76\"><i data-path-to-node=\"13\" data-index-in-node=\"76\">Di\u00e1rio dos A\u00e7ores<\/i><\/b>, ensuring the continuity of a family tradition dating back to the 19th century. Under his guidance, the newspaper became a primary vehicle for information and culture on the island of S\u00e3o Miguel, actively participating in the region&#8217;s civic life.<\/p>\n<h3 data-path-to-node=\"14\">The Funeral<\/h3>\n<p data-path-to-node=\"15\">Following a Requiem Mass at the <b data-path-to-node=\"15\" data-index-in-node=\"32\">Chapel of Sant\u2019Anna<\/b>, celebrated by Father Artur Botelho de Paiva (Parish Priest of the Mother Church of Ponta Delgada) and Father Jos\u00e9 Joaquim Rebelo, the funeral proceeded to the family vault at the <b data-path-to-node=\"15\" data-index-in-node=\"232\">Cemetery of S\u00e3o Joaquim<\/b>.<\/p>\n<p data-path-to-node=\"16\">The mourning was widespread, with people from all social backgrounds attending to pay their respects. The coffin key was carried by Dr Jos\u00e9 Oliveira San-Bento, and the casket was covered in floral tributes from family, friends, and staff.<\/p>\n<p data-path-to-node=\"17\">Employees from all departments of <b data-path-to-node=\"17\" data-index-in-node=\"34\"><i data-path-to-node=\"17\" data-index-in-node=\"34\">Di\u00e1rio dos A\u00e7ores<\/i><\/b> carried the hearse throughout the procession. The ceremonial ribbons were held in four shifts:<\/p>\n<ul data-path-to-node=\"18\">\n<li>\n<p data-path-to-node=\"18,0,0\"><b data-path-to-node=\"18,0,0\" data-index-in-node=\"0\">1st and 2nd Shifts:<\/b> Family members, including Dr Jo\u00e3o Carreiro, Dr Edmundo da Silva Melo, Dr Eduardo da Silva Melo, Dr Gabriel da Silva Melo, Dr Jos\u00e9 Tib\u00farcio, Gil Machado, and Aristides Gamboa da Silva Melo.<\/p>\n<\/li>\n<li>\n<p data-path-to-node=\"18,1,0\"><b data-path-to-node=\"18,1,0\" data-index-in-node=\"0\">3rd Shift:<\/b> Dr Alberto de Oliveira, Dr Ernesto Correia de Andrade, and Dr Jos\u00e9 da Silva Fraga (lawyers and friends), as well as Dr. <span style=\"color: #0000ff;\"><a style=\"color: #0000ff;\" href=\"https:\/\/funerariaferreira.pt\/en\/francisco-carreiro-da-costa\/\"><b data-path-to-node=\"18,1,0\" data-index-in-node=\"130\">Francisco Carreiro da Costa<\/b><\/a><\/span>.<\/p>\n<\/li>\n<li>\n<p data-path-to-node=\"18,2,0\"><b data-path-to-node=\"18,2,0\" data-index-in-node=\"0\">4th Shift:<\/b> Representatives of the local press, <span style=\"color: #0000ff;\"><a style=\"color: #0000ff;\" href=\"https:\/\/funerariaferreira.pt\/en\/manuel-ferreira\/\">Manuel Ferreira<\/a><\/span>, Victor Cruz (Senior), Dr Lobito de Macedo, and Dr <span style=\"color: #0000ff;\"><a style=\"color: #0000ff;\" href=\"https:\/\/funerariaferreira.pt\/en\/jose-de-almeida-pavao-junior\/\"><b data-path-to-node=\"18,2,0\" data-index-in-node=\"113\">Jos\u00e9 Almeida Pav\u00e3o<\/b><\/a><\/span>.<\/p>\n<\/li>\n<\/ul>\n<p data-path-to-node=\"19\">In a final tribute, Dr Jos\u00e9 Oliveira San-Bento spoke eloquently of the deceased&#8217;s exemplary life, highlighting him as a journalist, writer, and a citizen deeply committed to the Azores and its community.<\/p>\n","protected":false},"excerpt":{"rendered":"<p>The journalist and writer Manuel da Silva Carreiro passed away on 8 September 1974 at his residence on Avenida Gaspar Frutuoso in Ponta Delgada. Born on 24 August 1905 in the parish of Ribeira Seca, in the municipality of Ribeira Grande, he was the son of Manuel Resende Carreiro, the director and successor of the [&hellip;]<\/p>\n","protected":false},"author":2,"featured_media":6649,"parent":0,"menu_order":0,"comment_status":"open","ping_status":"open","template":"","meta":{"_acf_changed":false,"footnotes":""},"class_list":["post-1730","page","type-page","status-publish","has-post-thumbnail","hentry"],"acf":[],"yoast_head":"<!-- This site is optimized with the Yoast SEO plugin v27.1.1 - https:\/\/yoast.com\/product\/yoast-seo-wordpress\/ -->\n<title>Manuel da Silva Carreiro - Agencia Funer\u00e1ria Ferreira - Ponta Delgada - S\u00e3o Miguel - A\u00e7ores<\/title>\n<meta name=\"description\" content=\"Tribute to Manuel da Silva Carreiro. Remember the life and contribution of this distinguished figure to the community of S\u00e3o Miguel.\" \/>\n<meta name=\"robots\" content=\"index, follow, max-snippet:-1, max-image-preview:large, max-video-preview:-1\" \/>\n<link rel=\"canonical\" href=\"https:\/\/funerariaferreira.pt\/en\/manuel-da-silva-carreiro\/\" \/>\n<meta property=\"og:locale\" content=\"en_US\" \/>\n<meta property=\"og:type\" content=\"article\" \/>\n<meta property=\"og:title\" content=\"Manuel da Silva Carreiro - Agencia Funer\u00e1ria Ferreira - Ponta Delgada - S\u00e3o Miguel - A\u00e7ores\" \/>\n<meta property=\"og:description\" content=\"Tribute to Manuel da Silva Carreiro. Remember the life and contribution of this distinguished figure to the community of S\u00e3o Miguel.\" \/>\n<meta property=\"og:url\" content=\"https:\/\/funerariaferreira.pt\/en\/manuel-da-silva-carreiro\/\" \/>\n<meta property=\"og:site_name\" content=\"Agencia Funer\u00e1ria Ferreira - Ponta Delgada - S\u00e3o Miguel - A\u00e7ores\" \/>\n<meta property=\"article:modified_time\" content=\"2026-03-14T15:03:07+00:00\" \/>\n<meta property=\"og:image\" content=\"https:\/\/funerariaferreira.pt\/wp-content\/uploads\/2026\/03\/funeraria-ferreira-manuel-da-silva-carreiro-1536-x-2048-768x1024.png\" \/>\n\t<meta property=\"og:image:width\" content=\"768\" \/>\n\t<meta property=\"og:image:height\" content=\"1024\" \/>\n\t<meta property=\"og:image:type\" content=\"image\/png\" \/>\n<meta name=\"twitter:card\" content=\"summary_large_image\" \/>\n<meta name=\"twitter:label1\" content=\"Est. reading time\" \/>\n\t<meta name=\"twitter:data1\" content=\"4 minutes\" \/>\n<script type=\"application\/ld+json\" class=\"yoast-schema-graph\">{\"@context\":\"https:\/\/schema.org\",\"@graph\":[{\"@type\":\"WebPage\",\"@id\":\"https:\/\/funerariaferreira.pt\/en\/manuel-da-silva-carreiro\/\",\"url\":\"https:\/\/funerariaferreira.pt\/en\/manuel-da-silva-carreiro\/\",\"name\":\"Manuel da Silva Carreiro - Agencia Funer\u00e1ria Ferreira - Ponta Delgada - S\u00e3o Miguel - A\u00e7ores\",\"isPartOf\":{\"@id\":\"https:\/\/funerariaferreira.pt\/#website\"},\"primaryImageOfPage\":{\"@id\":\"https:\/\/funerariaferreira.pt\/en\/manuel-da-silva-carreiro\/#primaryimage\"},\"image\":{\"@id\":\"https:\/\/funerariaferreira.pt\/en\/manuel-da-silva-carreiro\/#primaryimage\"},\"thumbnailUrl\":\"https:\/\/funerariaferreira.pt\/wp-content\/uploads\/2026\/03\/funeraria-ferreira-manuel-da-silva-carreiro-1536-x-2048.png\",\"datePublished\":\"2014-09-08T15:47:03+00:00\",\"dateModified\":\"2026-03-14T15:03:07+00:00\",\"description\":\"Tribute to Manuel da Silva Carreiro. Remember the life and contribution of this distinguished figure to the community of S\u00e3o Miguel.\",\"breadcrumb\":{\"@id\":\"https:\/\/funerariaferreira.pt\/en\/manuel-da-silva-carreiro\/#breadcrumb\"},\"inLanguage\":\"en-US\",\"potentialAction\":[{\"@type\":\"ReadAction\",\"target\":[\"https:\/\/funerariaferreira.pt\/en\/manuel-da-silva-carreiro\/\"]}]},{\"@type\":\"ImageObject\",\"inLanguage\":\"en-US\",\"@id\":\"https:\/\/funerariaferreira.pt\/en\/manuel-da-silva-carreiro\/#primaryimage\",\"url\":\"https:\/\/funerariaferreira.pt\/wp-content\/uploads\/2026\/03\/funeraria-ferreira-manuel-da-silva-carreiro-1536-x-2048.png\",\"contentUrl\":\"https:\/\/funerariaferreira.pt\/wp-content\/uploads\/2026\/03\/funeraria-ferreira-manuel-da-silva-carreiro-1536-x-2048.png\",\"width\":1536,\"height\":2048,\"caption\":\"Manuel da Silva Carreiro\"},{\"@type\":\"BreadcrumbList\",\"@id\":\"https:\/\/funerariaferreira.pt\/en\/manuel-da-silva-carreiro\/#breadcrumb\",\"itemListElement\":[{\"@type\":\"ListItem\",\"position\":1,\"name\":\"Home\",\"item\":\"https:\/\/funerariaferreira.pt\/\"},{\"@type\":\"ListItem\",\"position\":2,\"name\":\"Manuel da Silva Carreiro\"}]},{\"@type\":\"WebSite\",\"@id\":\"https:\/\/funerariaferreira.pt\/#website\",\"url\":\"https:\/\/funerariaferreira.pt\/\",\"name\":\"Agencia Funer\u00e1ria Ferreira - Ponta Delgada - S\u00e3o Miguel - A\u00e7ores\",\"description\":\"\",\"potentialAction\":[{\"@type\":\"SearchAction\",\"target\":{\"@type\":\"EntryPoint\",\"urlTemplate\":\"https:\/\/funerariaferreira.pt\/?s={search_term_string}\"},\"query-input\":{\"@type\":\"PropertyValueSpecification\",\"valueRequired\":true,\"valueName\":\"search_term_string\"}}],\"inLanguage\":\"en-US\"}]}<\/script>\n<!-- \/ Yoast SEO plugin. -->","yoast_head_json":{"title":"Manuel da Silva Carreiro - Agencia Funer\u00e1ria Ferreira - Ponta Delgada - S\u00e3o Miguel - A\u00e7ores","description":"Tribute to Manuel da Silva Carreiro. Remember the life and contribution of this distinguished figure to the community of S\u00e3o Miguel.","robots":{"index":"index","follow":"follow","max-snippet":"max-snippet:-1","max-image-preview":"max-image-preview:large","max-video-preview":"max-video-preview:-1"},"canonical":"https:\/\/funerariaferreira.pt\/en\/manuel-da-silva-carreiro\/","og_locale":"en_US","og_type":"article","og_title":"Manuel da Silva Carreiro - Agencia Funer\u00e1ria Ferreira - Ponta Delgada - S\u00e3o Miguel - A\u00e7ores","og_description":"Tribute to Manuel da Silva Carreiro. Remember the life and contribution of this distinguished figure to the community of S\u00e3o Miguel.","og_url":"https:\/\/funerariaferreira.pt\/en\/manuel-da-silva-carreiro\/","og_site_name":"Agencia Funer\u00e1ria Ferreira - Ponta Delgada - S\u00e3o Miguel - A\u00e7ores","article_modified_time":"2026-03-14T15:03:07+00:00","og_image":[{"width":768,"height":1024,"url":"https:\/\/funerariaferreira.pt\/wp-content\/uploads\/2026\/03\/funeraria-ferreira-manuel-da-silva-carreiro-1536-x-2048-768x1024.png","type":"image\/png"}],"twitter_card":"summary_large_image","twitter_misc":{"Est. reading time":"4 minutes"},"schema":{"@context":"https:\/\/schema.org","@graph":[{"@type":"WebPage","@id":"https:\/\/funerariaferreira.pt\/en\/manuel-da-silva-carreiro\/","url":"https:\/\/funerariaferreira.pt\/en\/manuel-da-silva-carreiro\/","name":"Manuel da Silva Carreiro - Agencia Funer\u00e1ria Ferreira - Ponta Delgada - S\u00e3o Miguel - A\u00e7ores","isPartOf":{"@id":"https:\/\/funerariaferreira.pt\/#website"},"primaryImageOfPage":{"@id":"https:\/\/funerariaferreira.pt\/en\/manuel-da-silva-carreiro\/#primaryimage"},"image":{"@id":"https:\/\/funerariaferreira.pt\/en\/manuel-da-silva-carreiro\/#primaryimage"},"thumbnailUrl":"https:\/\/funerariaferreira.pt\/wp-content\/uploads\/2026\/03\/funeraria-ferreira-manuel-da-silva-carreiro-1536-x-2048.png","datePublished":"2014-09-08T15:47:03+00:00","dateModified":"2026-03-14T15:03:07+00:00","description":"Tribute to Manuel da Silva Carreiro. Remember the life and contribution of this distinguished figure to the community of S\u00e3o Miguel.","breadcrumb":{"@id":"https:\/\/funerariaferreira.pt\/en\/manuel-da-silva-carreiro\/#breadcrumb"},"inLanguage":"en-US","potentialAction":[{"@type":"ReadAction","target":["https:\/\/funerariaferreira.pt\/en\/manuel-da-silva-carreiro\/"]}]},{"@type":"ImageObject","inLanguage":"en-US","@id":"https:\/\/funerariaferreira.pt\/en\/manuel-da-silva-carreiro\/#primaryimage","url":"https:\/\/funerariaferreira.pt\/wp-content\/uploads\/2026\/03\/funeraria-ferreira-manuel-da-silva-carreiro-1536-x-2048.png","contentUrl":"https:\/\/funerariaferreira.pt\/wp-content\/uploads\/2026\/03\/funeraria-ferreira-manuel-da-silva-carreiro-1536-x-2048.png","width":1536,"height":2048,"caption":"Manuel da Silva Carreiro"},{"@type":"BreadcrumbList","@id":"https:\/\/funerariaferreira.pt\/en\/manuel-da-silva-carreiro\/#breadcrumb","itemListElement":[{"@type":"ListItem","position":1,"name":"Home","item":"https:\/\/funerariaferreira.pt\/"},{"@type":"ListItem","position":2,"name":"Manuel da Silva Carreiro"}]},{"@type":"WebSite","@id":"https:\/\/funerariaferreira.pt\/#website","url":"https:\/\/funerariaferreira.pt\/","name":"Agencia Funer\u00e1ria Ferreira - Ponta Delgada - S\u00e3o Miguel - A\u00e7ores","description":"","potentialAction":[{"@type":"SearchAction","target":{"@type":"EntryPoint","urlTemplate":"https:\/\/funerariaferreira.pt\/?s={search_term_string}"},"query-input":{"@type":"PropertyValueSpecification","valueRequired":true,"valueName":"search_term_string"}}],"inLanguage":"en-US"}]}},"_links":{"self":[{"href":"https:\/\/funerariaferreira.pt\/en\/wp-json\/wp\/v2\/pages\/1730","targetHints":{"allow":["GET"]}}],"collection":[{"href":"https:\/\/funerariaferreira.pt\/en\/wp-json\/wp\/v2\/pages"}],"about":[{"href":"https:\/\/funerariaferreira.pt\/en\/wp-json\/wp\/v2\/types\/page"}],"author":[{"embeddable":true,"href":"https:\/\/funerariaferreira.pt\/en\/wp-json\/wp\/v2\/users\/2"}],"replies":[{"embeddable":true,"href":"https:\/\/funerariaferreira.pt\/en\/wp-json\/wp\/v2\/comments?post=1730"}],"version-history":[{"count":3,"href":"https:\/\/funerariaferreira.pt\/en\/wp-json\/wp\/v2\/pages\/1730\/revisions"}],"predecessor-version":[{"id":6652,"href":"https:\/\/funerariaferreira.pt\/en\/wp-json\/wp\/v2\/pages\/1730\/revisions\/6652"}],"wp:featuredmedia":[{"embeddable":true,"href":"https:\/\/funerariaferreira.pt\/en\/wp-json\/wp\/v2\/media\/6649"}],"wp:attachment":[{"href":"https:\/\/funerariaferreira.pt\/en\/wp-json\/wp\/v2\/media?parent=1730"}],"curies":[{"name":"wp","href":"https:\/\/api.w.org\/{rel}","templated":true}]}}